{"id":104,"date":"2024-12-08T17:36:46","date_gmt":"2024-12-08T16:36:46","guid":{"rendered":"http:\/\/192.168.1.195\/mdi_w\/?page_id=104"},"modified":"2025-04-25T14:26:18","modified_gmt":"2025-04-25T12:26:18","slug":"le-reseau-matilda","status":"publish","type":"page","link":"https:\/\/api-lux.be\/index.php\/qui-sommes-nous\/le-reseau-matilda\/","title":{"rendered":"Le R\u00e9seau Matilda : le r\u00e9seau de sant\u00e9 mentale pour les enfants et les adolescents en province de Luxembourg"},"content":{"rendered":"\n<!DOCTYPE html>\n<html lang=\"fr\">\n<head>\n    <meta charset=\"UTF-8\">\n    <meta name=\"viewport\" content=\"width=device-width, initial-scale=1.0\">\n    <title>R\u00e9seau Matilda &#8211; Pr\u00e9sentation du Projet<\/title>\n    <style>\n        body {\n            font-family: Arial, sans-serif;\n            margin: 0;\n            padding: 0;\n            background-color: #f4f4f4;\n        }\n        .header {\n            padding: 20px 0;\n            text-align: center;\n            color: white;\n            font-size: 24px;\n        }\n        .container {\n            padding: 20px;\n        }\n        .section {\n            background-color: white;\n            margin: 20px 0;\n            padding: 20px;\n            border-radius: 8px;\n            box-shadow: 0 4px 8px rgba(0, 0, 0, 0.1);\n        }\n        .section h2 {\n            color: #383d75;\n            font-size: 28px;\n            border-bottom: 2px solid #383d75;\n            padding-bottom: 10px;\n        }\n        .section p {\n            font-size: 18px;\n            line-height: 1.6;\n            color: #4a4a4a;\n        }\n        .objectives, .missions {\n            display: grid;\n            grid-template-columns: repeat(auto-fit, minmax(280px, 1fr));\n            gap: 20px;\n        }\n        .objectives div, .missions div {\n            background-color: #febd6d;\n            padding: 20px;\n            border-radius: 8px;\n            box-shadow: 0 4px 6px rgba(0, 0, 0, 0.1);\n            transition: transform 0.3s ease;\n        }\n        .objectives div:hover, .missions div:hover {\n            transform: translateY(-10px);\n        }\n        .objectives div h3, .missions div h3 {\n            color: #383d75;\n        }\n        .vision {\n            background-color: #febd6d;\n            padding: 20px;\n            border-radius: 8px;\n            margin-top: 20px;\n        }\n        .vision img {\n            width: 100%;\n            border-radius: 8px;\n            margin-top: 20px;\n        }\n        .call-to-action {\n            text-align: center;\n            padding: 20px;\n            background-color: #383d75;\n            border-radius: 8px;\n            margin-top: 30px;\n            transition: background-color 0.3s ease;\n        }\n        .call-to-action:hover {\n            background-color: #383d75;\n        }\n        .call-to-action a {\n            color: white;\n            font-size: 20px;\n            text-decoration: none;\n            font-weight: bold;\n        }\n        \/* Galerie d'images en bas *\/\n        .images {\n            display: flex;\n            justify-content: space-between;\n            margin-top: 40px;\n            gap: 20px;\n            padding: 20px;\n        }\n        .images img {\n            width: 32%;\n            border-radius: 8px;\n            box-shadow: 0 4px 6px rgba(0, 0, 0, 0.1);\n        }\n\n        \/* Responsive Styles *\/\n        @media (max-width: 768px) {\n            .section {\n                padding: 15px;\n            }\n            .section h2 {\n                font-size: 24px;\n            }\n            .objectives div, .missions div {\n                padding: 15px;\n            }\n            .call-to-action a {\n                font-size: 18px;\n            }\n            .images {\n                flex-direction: column;\n                align-items: center;\n                gap: 20px;\n            }\n            .images img {\n                width: 100%;\n            }\n        }\n    <\/style>\n<\/head>\n<body>\n\n    <!-- Ent\u00eate de la page -->\n    <div class=\"header\">\n        <!-- Titre retir\u00e9 du header ici -->\n    <\/div>\n\n    <!-- Contenu principal -->\n    <div class=\"container\">\n\n        <!-- Introduction -->\n        <div class=\"section\">\n            <h2>Introduction<\/h2>\n            <p>Le R\u00e9seau Matilda prend actuellement en charge l\u2019ensemble des frais li\u00e9s \u00e0 notre projet. Il nous para\u00eet essentiel de vous en pr\u00e9senter les grandes lignes.<\/p>\n            <p>Le R\u00e9seau Matilda met en relation des partenaires issus de diff\u00e9rents secteurs en province de Luxembourg. Il s&rsquo;adresse aux enfants, adolescents et jeunes adultes, d\u00e8s la grossesse et jusqu&rsquo;\u00e0 23 ans, qui pr\u00e9sentent des besoins sp\u00e9cifiques en mati\u00e8re de sant\u00e9 mentale, de d\u00e9veloppement et de bien-\u00eatre.<\/p>\n        <\/div>\n\n    <!-- Objectifs avec image de fond \u00e9claircie -->\n<div class=\"section\" style=\"position: relative; background-image: url('https:\/\/api-lux.be\/wp-content\/uploads\/2025\/03\/pexels-fauxels-3184427-scaled.jpg'); background-size: cover; background-position: center; color: #383d75; overflow: hidden;\">\n    <div style=\"position: absolute; inset: 0; background-color: rgba(255, 255, 255, 0.4); z-index: 0;\"><\/div>\n    <div style=\"position: relative; z-index: 1;\">\n        <h2>Objectifs<\/h2>\n        <div class=\"objectives\">\n            <div>\n                <h3>Am\u00e9liorer le bien-\u00eatre et l&rsquo;inclusion<\/h3>\n                <p>Mettre en place des projets et initiatives visant \u00e0 am\u00e9liorer le bien-\u00eatre et l&rsquo;inclusion des enfants et jeunes adultes concern\u00e9s.<\/p>\n            <\/div>\n            <div>\n                <h3>Favoriser une prise en charge adapt\u00e9e<\/h3>\n                <p>Favoriser une prise en charge adapt\u00e9e aux besoins des jeunes en situation de vuln\u00e9rabilit\u00e9 ou de souffrance psychologique.<\/p>\n            <\/div>\n            <div>\n                <h3>Renforcer la collaboration<\/h3>\n                <p>Renforcer la collaboration entre les acteurs de diff\u00e9rents secteurs pour assurer un accompagnement coh\u00e9rent et efficace.<\/p>\n            <\/div>\n        <\/div>\n    <\/div>\n<\/div>\n        <!-- Vision de la sant\u00e9 mentale -->\n        <div class=\"section vision\">\n            <h2>Vision de la sant\u00e9 mentale<\/h2>\n            <p>Le R\u00e9seau Matilda adh\u00e8re \u00e0 la d\u00e9finition de la sant\u00e9 mentale de l&rsquo;Organisation Mondiale de la Sant\u00e9 (OMS), qui int\u00e8gre l&rsquo;ensemble des d\u00e9terminants de sant\u00e9 :<\/p>\n            <p><strong>\u00ab\u00a0La sant\u00e9 est un \u00e9tat de complet bien-\u00eatre physique, mental et social, et ne consiste pas seulement en une absence de maladie ou d&rsquo;infirmit\u00e9.\u00a0\u00bb<\/strong><\/p>\n            <img decoding=\"async\" src=\"https:\/\/api-lux.be\/wp-content\/uploads\/2025\/03\/qui-sommes-nous-matilda-800.jpg\" alt=\"Vision de la sant\u00e9 mentale\" \/>\n        <\/div>\n\n        <!-- Missions -->\n        <div class=\"section\">\n            <h2>Missions<\/h2>\n            <div class=\"missions\">\n                <div>\n                    <h3>D\u00e9stigmatiser la sant\u00e9 mentale<\/h3>\n                    <p>Sensibiliser et informer pour lutter contre les pr\u00e9jug\u00e9s et favoriser une approche bienveillante.<\/p>\n                <\/div>\n                <div>\n                    <h3>Clarifier le r\u00f4le du r\u00e9seau<\/h3>\n                    <p>Rendre plus lisible l&rsquo;organisation et les missions de chaque acteur impliqu\u00e9.<\/p>\n                <\/div>\n                <div>\n                    <h3>D\u00e9velopper l\u2019interconnaissance<\/h3>\n                    <p>Encourager les \u00e9changes et la collaboration pour une meilleure prise en charge.<\/p>\n                <\/div>\n                <div>\n                    <h3>Am\u00e9liorer l\u2019accessibilit\u00e9 des services<\/h3>\n                    <p>Faciliter l\u2019acc\u00e8s aux ressources et accompagner les familles et professionnels dans leurs d\u00e9marches.<\/p>\n                <\/div>\n                <div>\n                    <h3>D\u00e9velopper de nouvelles r\u00e9ponses<\/h3>\n                    <p>Innover et adapter les solutions aux r\u00e9alit\u00e9s et besoins identifi\u00e9s sur le terrain.<\/p>\n                <\/div>\n                <div>\n                    <h3>Interpeller les d\u00e9cideurs politiques<\/h3>\n                    <p>Porter la voix des professionnels et des familles pour influencer les politiques de sant\u00e9 mentale.<\/p>\n                <\/div>\n            <\/div>\n        <\/div>\n<!-- Appel \u00e0 l'action -->\n<div class=\"call-to-action\" style=\"color: #febd6d;\">\n    <p>Pour plus d\u2019informations, visitez leur site internet :<\/p>\n    <a href=\"https:\/\/matilda-lux.be\/\" style=\"color: #febd6d;\">Visitez le R\u00e9seau Matilda<\/a>\n<\/div>\n\n    <!-- Galerie d'images en bas -->\n    <div class=\"images\">\n        <img decoding=\"async\" src=\"https:\/\/api-lux.be\/wp-content\/uploads\/2025\/03\/pexels-samantha-garrote-862406-2467396-scaled.jpg\" alt=\"Image 1\">\n        <img decoding=\"async\" src=\"https:\/\/api-lux.be\/wp-content\/uploads\/2025\/03\/pexels-fauxels-3184405-scaled.jpg\" alt=\"Image 2\">\n        <img decoding=\"async\" src=\"https:\/\/api-lux.be\/wp-content\/uploads\/2025\/03\/pexels-fauxels-3184427-scaled.jpg\" alt=\"Image 3\">\n    <\/div>\n\n<\/body>\n<\/html>\n\n\n\n\n<div style=\"text-align: center; margin-top: 50px;\">\n    <h2 style=\"color: #383d75;\">Pour en savoir davantage :<\/h2>\n    <div style=\"display: flex; flex-direction: column; align-items: center; gap: 20px;\">\n        <a href=\"https:\/\/api-lux.be\/index.php\/qui-sommes-nous\/\" \n           style=\"background-color: #e2bcbb; color: #000000; padding: 15px 30px; text-decoration: none; font-size: 1.2em; border-radius: 8px; transition: all 0.3s ease; box-shadow: 0 4px 8px rgba(0, 0, 0, 0.2);\"\n           target=\"_blank\">\n           Qui sommes-nous ?\n        <\/a>\n        <a href=\"https:\/\/api-lux.be\/index.php\/qui-sommes-nous\/methodologie-et-objectifs-finaux\/\" \n           style=\"background-color: #94d3be; color: #000000; padding: 15px 30px; text-decoration: none; font-size: 1.2em; border-radius: 8px; transition: all 0.3s ease; box-shadow: 0 4px 8px rgba(0, 0, 0, 0.2);\"\n           target=\"_blank\">\n           M\u00e9thodologie, objectifs et philosophie\n        <\/a>\n        <a href=\"https:\/\/api-lux.be\/index.php\/qui-sommes-nous\/logo-dapi-lux\/\" \n           style=\"background-color: #fa526c; color: #000000; padding: 15px 30px; text-decoration: none; font-size: 1.2em; border-radius: 8px; transition: all 0.3s ease; box-shadow: 0 4px 8px rgba(0, 0, 0, 0.2);\"\n           target=\"_blank\">\n           D\u00e9pliant de notre service\n        <\/a>\n    <\/div>\n<\/div>\n\n<style>\n    \/* Effet de survol des liens *\/\n    a:hover {\n        opacity: 0.8;\n        transform: translateY(-5px);\n        box-shadow: 0 6px 12px rgba(0, 0, 0, 0.3);\n    }\n<\/style>\n\n","protected":false},"excerpt":{"rendered":"<p>R\u00e9seau Matilda &#8211; Pr\u00e9sentation du Projet Introduction Le R\u00e9seau Matilda prend actuellement en charge l\u2019ensemble des frais li\u00e9s \u00e0 notre projet. Il nous para\u00eet essentiel de vous en pr\u00e9senter les [&hellip;]<\/p>\n","protected":false},"author":1,"featured_media":0,"parent":50,"menu_order":0,"comment_status":"closed","ping_status":"closed","template":"","meta":{"iawp_total_views":181,"footnotes":""},"class_list":["post-104","page","type-page","status-publish","hentry"],"_links":{"self":[{"href":"https:\/\/api-lux.be\/index.php\/wp-json\/wp\/v2\/pages\/104","targetHints":{"allow":["GET"]}}],"collection":[{"href":"https:\/\/api-lux.be\/index.php\/wp-json\/wp\/v2\/pages"}],"about":[{"href":"https:\/\/api-lux.be\/index.php\/wp-json\/wp\/v2\/types\/page"}],"author":[{"embeddable":true,"href":"https:\/\/api-lux.be\/index.php\/wp-json\/wp\/v2\/users\/1"}],"replies":[{"embeddable":true,"href":"https:\/\/api-lux.be\/index.php\/wp-json\/wp\/v2\/comments?post=104"}],"version-history":[{"count":45,"href":"https:\/\/api-lux.be\/index.php\/wp-json\/wp\/v2\/pages\/104\/revisions"}],"predecessor-version":[{"id":6110,"href":"https:\/\/api-lux.be\/index.php\/wp-json\/wp\/v2\/pages\/104\/revisions\/6110"}],"up":[{"embeddable":true,"href":"https:\/\/api-lux.be\/index.php\/wp-json\/wp\/v2\/pages\/50"}],"wp:attachment":[{"href":"https:\/\/api-lux.be\/index.php\/wp-json\/wp\/v2\/media?parent=104"}],"curies":[{"name":"wp","href":"https:\/\/api.w.org\/{rel}","templated":true}]}}